{"id":29,"date":"2024-08-30T16:49:47","date_gmt":"2024-08-30T16:49:47","guid":{"rendered":"https:\/\/bananen-ausstellung.de\/?page_id=29"},"modified":"2024-08-31T06:32:49","modified_gmt":"2024-08-31T06:32:49","slug":"paed-materialien","status":"publish","type":"page","link":"https:\/\/www.bananen-ausstellung.de\/?page_id=29","title":{"rendered":"P\u00e4d. Materialien"},"content":{"rendered":"\n<p><strong>Fairer Handel f\u00fcr Kinder \u2013 Arbeitshilfe zum Thema Bananen<\/strong><br>Die Kindgerechte Brosch\u00fcre bietet zahlreiche Infos und Materialien zum Einsatz in Kita und Grundschule.<br><a href=\"http:\/\/www.faire-woche.de\/fileadmin\/user_upload\/media\/mitmachen\/mitmachen_fuer_junge_leute\/kindergottesdienst_bananen\/kigo_bananenheft.pdf\" data-type=\"link\" data-id=\"www.faire-woche.de\/fileadmin\/user_upload\/media\/mitmachen\/mitmachen_fuer_junge_leute\/kindergottesdienst_bananen\/kigo_bananenheft.pdf\" target=\"_blank\" rel=\"noreferrer noopener\">www.faire-woche.de\/fileadmin\/user_upload\/media\/mitmachen\/mitmachen_fuer_junge_leute\/kindergottesdienst_bananen\/kigo_bananenheft.pdf<\/a><\/p>\n\n\n\n<p><strong>Die Bananen-Detektive<\/strong><br>Zum Banana-Fairday wurden von Fairtrade-Deutschland Materialien f\u00fcr Bananen-Detektive entwickelt: Die Kids k\u00f6nnen in Ihrem Umfeld recherchieren, ob und warum eher konventionelle oder Fairtrade-Bananen gekauft werden. Zur Unterst\u00fctzung k\u00f6nnen unter folgendem Link ansprechende Materialien heruntergeladen werden.<br><a href=\"http:\/\/www.fairtrade-scouts.de\/ideenpool\/materialien\/fairer-handel-in-der-gruppenstunde\" data-type=\"link\" data-id=\"www.fairtrade-scouts.de\/ideenpool\/materialien\/fairer-handel-in-der-gruppenstunde\" target=\"_blank\" rel=\"noreferrer noopener\">www.fairtrade-scouts.de\/ideenpool\/materialien\/fairer-handel-in-der-gruppenstunde<\/a><\/p>\n\n\n\n<p><strong>Bananen \u2013 Bilderstory<\/strong><br>In pr\u00e4gnanten Bildern und kurzen Subtexten wird der Weg vom Anbau bis zum Versand vorgestellt. Auf der Seite finden sich auch weitere Links zu weiteren Storys rund um die Banane.<br><a href=\"https:\/\/orf.at\/v2\/stories\/2360997\/2360858\/\" target=\"_blank\" rel=\"noreferrer noopener\">https:\/\/orf.at\/v2\/stories\/2360997\/2360858\/<\/a><\/p>\n\n\n\n<p><strong>Bananenkoffer<\/strong><br>Verschiedene Bildungsstellen und Weltl\u00e4den bieten Bananenkoffer mit p\u00e4dagogischen Materialien zur Ausleihe an. Der Verleih erfolgt kostenlos oder gegen eine kleine Geb\u00fchr.<br>Schorndorf <a href=\"http:\/\/www.elmundo.de\" data-type=\"link\" data-id=\"www.elmundo.de\" target=\"_blank\" rel=\"noreferrer noopener\">www.elmundo.de<\/a><br>Heidelberg <a href=\"http:\/\/www.weltladen-heidelberg.de\" data-type=\"link\" data-id=\"www.weltladen-heidelberg.de\" target=\"_blank\" rel=\"noreferrer noopener nofollow\">www.weltladen-heidelberg.de<\/a><br>Bremen <a href=\"http:\/\/www.bizme.de\" data-type=\"link\" data-id=\"www.bizme.de\" target=\"_blank\" rel=\"noreferrer noopener\">www.bizme.de<\/a><br>Hamburg <a href=\"http:\/\/www.bramfelderlaterne.de\" data-type=\"link\" data-id=\"www.bramfelderlaterne.de\" target=\"_blank\" rel=\"noreferrer noopener\">www.bramfelderlaterne.de<\/a><\/p>\n\n\n\n<p><\/p>\n","protected":false},"excerpt":{"rendered":"<p>Fairer Handel f\u00fcr Kinder \u2013 Arbeitshilfe zum Thema BananenDie Kindgerechte Brosch\u00fcre bietet zahlreiche Infos und Materialien zum Einsatz in Kita und Grundschule.www.faire-woche.de\/fileadmin\/user_upload\/media\/mitmachen\/mitmachen_fuer_junge_leute\/kindergottesdienst_bananen\/kigo_bananenheft.pdf Die Bananen-DetektiveZum Banana-Fairday wurden von Fairtrade-Deutschland Materialien f\u00fcr Bananen-Detektive entwickelt: Die Kids k\u00f6nnen in Ihrem Umfeld recherchieren, ob und warum eher konventionelle oder Fairtrade-Bananen gekauft werden. Zur Unterst\u00fctzung k\u00f6nnen unter folgendem Link ansprechende Materialien heruntergeladen werden.www.fairtrade-scouts.de\/ideenpool\/materialien\/fairer-handel-in-der-gruppenstunde Bananen \u2013 BilderstoryIn pr\u00e4gnanten Bildern und kurzen Subtexten wird der Weg vom Anbau bis zum Versand vorgestellt. Auf der Seite finden sich auch weitere Links zu weiteren Storys rund um die Banane.https:\/\/orf.at\/v2\/stories\/2360997\/2360858\/ BananenkofferVerschiedene Bildungsstellen und Weltl\u00e4den bieten Bananenkoffer mit p\u00e4dagogischen Materialien zur Ausleihe an. Der Verleih erfolgt kostenlos oder gegen eine kleine Geb\u00fchr.Schorndorf www.elmundo.deHeidelberg www.weltladen-heidelberg.deBremen www.bizme.deHamburg www.bramfelderlaterne.de<\/p>\n","protected":false},"author":1,"featured_media":0,"parent":0,"menu_order":0,"comment_status":"closed","ping_status":"closed","template":"","meta":{"footnotes":""},"class_list":["post-29","page","type-page","status-publish","hentry"],"_links":{"self":[{"href":"https:\/\/www.bananen-ausstellung.de\/index.php?rest_route=\/wp\/v2\/pages\/29","targetHints":{"allow":["GET"]}}],"collection":[{"href":"https:\/\/www.bananen-ausstellung.de\/index.php?rest_route=\/wp\/v2\/pages"}],"about":[{"href":"https:\/\/www.bananen-ausstellung.de\/index.php?rest_route=\/wp\/v2\/types\/page"}],"author":[{"embeddable":true,"href":"https:\/\/www.bananen-ausstellung.de\/index.php?rest_route=\/wp\/v2\/users\/1"}],"replies":[{"embeddable":true,"href":"https:\/\/www.bananen-ausstellung.de\/index.php?rest_route=%2Fwp%2Fv2%2Fcomments&post=29"}],"version-history":[{"count":2,"href":"https:\/\/www.bananen-ausstellung.de\/index.php?rest_route=\/wp\/v2\/pages\/29\/revisions"}],"predecessor-version":[{"id":60,"href":"https:\/\/www.bananen-ausstellung.de\/index.php?rest_route=\/wp\/v2\/pages\/29\/revisions\/60"}],"wp:attachment":[{"href":"https:\/\/www.bananen-ausstellung.de\/index.php?rest_route=%2Fwp%2Fv2%2Fmedia&parent=29"}],"curies":[{"name":"wp","href":"https:\/\/api.w.org\/{rel}","templated":true}]}}